{"version":"1.0","provider_name":"Jemn\u00e9 Zrozen\u00ed","provider_url":"https:\/\/jemnezrozeni.cz\/en\/","author_name":"Michaela Kalusov\u00e1","author_url":"https:\/\/jemnezrozeni.cz\/en\/author\/michaela-kalusova\/","title":"Co te\u010f budu d\u011blat, v\u017edy\u0165 sakra rod\u00edm !!!! - Jemn\u00e9 Zrozen\u00ed","type":"rich","width":600,"height":338,"html":"<blockquote class=\"wp-embedded-content\" data-secret=\"s0nznR2nSS\"><a href=\"https:\/\/jemnezrozeni.cz\/en\/pribeh\/co-ted-budu-delat-vzdyt-sakra-rodim\/\">Co te\u010f budu d\u011blat, v\u017edy\u0165 sakra rod\u00edm !!!!<\/a><\/blockquote><iframe sandbox=\"allow-scripts\" security=\"restricted\" src=\"https:\/\/jemnezrozeni.cz\/en\/pribeh\/co-ted-budu-delat-vzdyt-sakra-rodim\/embed\/#?secret=s0nznR2nSS\" width=\"600\" height=\"338\" title=\"&#8220;Co te\u010f budu d\u011blat, v\u017edy\u0165 sakra rod\u00edm !!!!&#8221; &#8212; Jemn\u00e9 Zrozen\u00ed\" data-secret=\"s0nznR2nSS\" frameborder=\"0\" marginwidth=\"0\" marginheight=\"0\" scrolling=\"no\" class=\"wp-embedded-content\"><\/iframe><script type=\"text\/javascript\">\n\/* <![CDATA[ *\/\n\/*! This file is auto-generated *\/\n!function(d,l){\"use strict\";l.querySelector&&d.addEventListener&&\"undefined\"!=typeof URL&&(d.wp=d.wp||{},d.wp.receiveEmbedMessage||(d.wp.receiveEmbedMessage=function(e){var t=e.data;if((t||t.secret||t.message||t.value)&&!\/[^a-zA-Z0-9]\/.test(t.secret)){for(var s,r,n,a=l.querySelectorAll('iframe[data-secret=\"'+t.secret+'\"]'),o=l.querySelectorAll('blockquote[data-secret=\"'+t.secret+'\"]'),c=new RegExp(\"^https?:$\",\"i\"),i=0;i<o.length;i++)o[i].style.display=\"none\";for(i=0;i<a.length;i++)s=a[i],e.source===s.contentWindow&&(s.removeAttribute(\"style\"),\"height\"===t.message?(1e3<(r=parseInt(t.value,10))?r=1e3:~~r<200&&(r=200),s.height=r):\"link\"===t.message&&(r=new URL(s.getAttribute(\"src\")),n=new URL(t.value),c.test(n.protocol))&&n.host===r.host&&l.activeElement===s&&(d.top.location.href=t.value))}},d.addEventListener(\"message\",d.wp.receiveEmbedMessage,!1),l.addEventListener(\"DOMContentLoaded\",function(){for(var e,t,s=l.querySelectorAll(\"iframe.wp-embedded-content\"),r=0;r<s.length;r++)(t=(e=s[r]).getAttribute(\"data-secret\"))||(t=Math.random().toString(36).substring(2,12),e.src+=\"#?secret=\"+t,e.setAttribute(\"data-secret\",t)),e.contentWindow.postMessage({message:\"ready\",secret:t},\"*\")},!1)))}(window,document);\n\/\/# sourceURL=https:\/\/jemnezrozeni.cz\/wp-includes\/js\/wp-embed.min.js\n\/* ]]> *\/\n<\/script>\n","thumbnail_url":"https:\/\/jemnezrozeni.cz\/wp-content\/uploads\/2018\/06\/35282737_10204560120439218_8249026338883633152_n.jpg","thumbnail_width":280,"thumbnail_height":420,"description":"Tak jsem se kone\u010dn\u011b i j\u00e1 odhodlala napsat sv\u016fj porodn\u00ed p\u0159\u00edb\u011bh a aby to v\u0161e bylo kompletn\u00ed, za\u010dnu \u00fapln\u011b od za\u010d\u00e1tku. Mo\u017en\u00e1 to bude tro\u0161i\u010dku del\u0161\u00ed, ale pokus\u00edm se stru\u010dn\u011b. Na\u0161e vymodlen\u00e1, dlouho o\u010dek\u00e1van\u00e1 dcerka se n\u00e1m narodila po t\u0159ech letech sna\u017een\u00ed v porodnici a z\u00e1\u017eitek to byl hr\u016fzostra\u0161n\u00fd, na kter\u00fd velice nerada vzpom\u00edn\u00e1m, v\u017edy [&hellip;]"}